{"version":"1.0","provider_name":"Blog geschenkidee.ch","provider_url":"https:\/\/www.geschenkidee.ch\/blog","author_name":"Nathalie Blaser","author_url":"https:\/\/www.geschenkidee.ch\/blog\/author\/nbl\/","title":"Ab in den Fr\u00fchling! - Blog geschenkidee.ch","type":"rich","width":600,"height":338,"html":"<blockquote class=\"wp-embedded-content\"><a href=\"https:\/\/www.geschenkidee.ch\/blog\/ab-in-den-fruehling\/\">Ab in den Fr\u00fchling!<\/a><\/blockquote>\n<script type='text\/javascript'>\n<!--\/\/--><![CDATA[\/\/><!--\n\t\t\/*! This file is auto-generated *\/\n\t\t!function(c,d){\"use strict\";var e=!1,n=!1;if(d.querySelector)if(c.addEventListener)e=!0;if(c.wp=c.wp||{},!c.wp.receiveEmbedMessage)if(c.wp.receiveEmbedMessage=function(e){var t=e.data;if(t)if(t.secret||t.message||t.value)if(!\/[^a-zA-Z0-9]\/.test(t.secret)){for(var r,a,i,s=d.querySelectorAll('iframe[data-secret=\"'+t.secret+'\"]'),n=d.querySelectorAll('blockquote[data-secret=\"'+t.secret+'\"]'),o=0;o<n.length;o++)n[o].style.display=\"none\";for(o=0;o<s.length;o++)if(r=s[o],e.source===r.contentWindow){if(r.removeAttribute(\"style\"),\"height\"===t.message){if(1e3<(i=parseInt(t.value,10)))i=1e3;else if(~~i<200)i=200;r.height=i}if(\"link\"===t.message)if(a=d.createElement(\"a\"),i=d.createElement(\"a\"),a.href=r.getAttribute(\"src\"),i.href=t.value,i.host===a.host)if(d.activeElement===r)c.top.location.href=t.value}}},e)c.addEventListener(\"message\",c.wp.receiveEmbedMessage,!1),d.addEventListener(\"DOMContentLoaded\",t,!1),c.addEventListener(\"load\",t,!1);function t(){if(!n){n=!0;for(var e,t,r=-1!==navigator.appVersion.indexOf(\"MSIE 10\"),a=!!navigator.userAgent.match(\/Trident.*rv:11\\.\/),i=d.querySelectorAll(\"iframe.wp-embedded-content\"),s=0;s<i.length;s++){if(!(e=i[s]).getAttribute(\"data-secret\"))t=Math.random().toString(36).substr(2,10),e.src+=\"#?secret=\"+t,e.setAttribute(\"data-secret\",t);if(r||a)(t=e.cloneNode(!0)).removeAttribute(\"security\"),e.parentNode.replaceChild(t,e)}}}}(window,document);\n\/\/--><!]]>\n<\/script><iframe sandbox=\"allow-scripts\" security=\"restricted\" src=\"https:\/\/www.geschenkidee.ch\/blog\/ab-in-den-fruehling\/embed\/\" width=\"600\" height=\"338\" title=\"&#8222;Ab in den Fr\u00fchling!&#8220; &#8212; Blog geschenkidee.ch\" frameborder=\"0\" marginwidth=\"0\" marginheight=\"0\" scrolling=\"no\" class=\"wp-embedded-content\"><\/iframe>","thumbnail_url":"https:\/\/www.geschenkidee.ch\/blog\/wp-content\/uploads\/2018\/03\/wild-flowers-flowers-plant-macro-40797.jpeg","thumbnail_width":3531,"thumbnail_height":1562,"description":"Nach den letzten Winter Wochen mit Minustemperaturen an der Grenze zum Ertr\u00e4glichen, schaut der Fr\u00fchling nun so langsam aber sicher zu uns herein. Der meteorologische Fr\u00fchlingsanfang 2018 haben wir am 1. M\u00e4rz ja bereits erleben, notta bene bei Minus 10 Grad im Schweizer Flachland. Der kalendarische Fr\u00fchlingsanfang folgt in K\u00fcrze. Dieser ist am 20. M\u00e4rz [&hellip;]"}